{"version":"1.0","provider_name":"Stein und Bl\u00fcte - Floristikfachgesch\u00e4ft","provider_url":"https:\/\/steinundbluete.de","author_name":"Christian Hofmann","author_url":"https:\/\/steinundbluete.de\/index.php\/author\/christian\/","title":"Datenschutzerkl\u00e4rung - Stein und Bl\u00fcte - Floristikfachgesch\u00e4ft","type":"rich","width":600,"height":338,"html":"<blockquote class=\"wp-embedded-content\" data-secret=\"nNFqvnnQ8C\"><a href=\"https:\/\/steinundbluete.de\/index.php\/kontakt-impressum-2\/datenschutzerklaerung\/\">Datenschutzerkl\u00e4rung<\/a><\/blockquote><iframe sandbox=\"allow-scripts\" security=\"restricted\" src=\"https:\/\/steinundbluete.de\/index.php\/kontakt-impressum-2\/datenschutzerklaerung\/embed\/#?secret=nNFqvnnQ8C\" width=\"600\" height=\"338\" title=\"&#8222;Datenschutzerkl\u00e4rung&#8220; &#8211; Stein und Bl\u00fcte - Floristikfachgesch\u00e4ft\" data-secret=\"nNFqvnnQ8C\" frameborder=\"0\" marginwidth=\"0\" marginheight=\"0\" scrolling=\"no\" class=\"wp-embedded-content\"><\/iframe><script type=\"text\/javascript\">\n\/* <![CDATA[ *\/\n\/*! This file is auto-generated *\/\n!function(d,l){\"use strict\";l.querySelector&&d.addEventListener&&\"undefined\"!=typeof URL&&(d.wp=d.wp||{},d.wp.receiveEmbedMessage||(d.wp.receiveEmbedMessage=function(e){var t=e.data;if((t||t.secret||t.message||t.value)&&!\/[^a-zA-Z0-9]\/.test(t.secret)){for(var s,r,n,a=l.querySelectorAll('iframe[data-secret=\"'+t.secret+'\"]'),o=l.querySelectorAll('blockquote[data-secret=\"'+t.secret+'\"]'),c=new RegExp(\"^https?:$\",\"i\"),i=0;i<o.length;i++)o[i].style.display=\"none\";for(i=0;i<a.length;i++)s=a[i],e.source===s.contentWindow&&(s.removeAttribute(\"style\"),\"height\"===t.message?(1e3<(r=parseInt(t.value,10))?r=1e3:~~r<200&&(r=200),s.height=r):\"link\"===t.message&&(r=new URL(s.getAttribute(\"src\")),n=new URL(t.value),c.test(n.protocol))&&n.host===r.host&&l.activeElement===s&&(d.top.location.href=t.value))}},d.addEventListener(\"message\",d.wp.receiveEmbedMessage,!1),l.addEventListener(\"DOMContentLoaded\",function(){for(var e,t,s=l.querySelectorAll(\"iframe.wp-embedded-content\"),r=0;r<s.length;r++)(t=(e=s[r]).getAttribute(\"data-secret\"))||(t=Math.random().toString(36).substring(2,12),e.src+=\"#?secret=\"+t,e.setAttribute(\"data-secret\",t)),e.contentWindow.postMessage({message:\"ready\",secret:t},\"*\")},!1)))}(window,document);\n\/\/# sourceURL=https:\/\/steinundbluete.de\/wp-includes\/js\/wp-embed.min.js\n\/* ]]> *\/\n<\/script>\n","description":"Datenschutzerkl\u00e4rung Wir freuen uns sehr \u00fcber Ihr Interesse an unserem Unternehmen. Datenschutz hat einen besonders hohen Stellenwert f\u00fcr die Gesch\u00e4ftsleitung der Firma Stein und Bl\u00fcte, Karola Nitz. Eine Nutzung der Internetseiten der Firma Stein und Bl\u00fcte, Karola Nitz ist grunds\u00e4tzlich ohne jede Angabe personenbezogener Daten ....."}